{"id":112,"date":"2014-11-03T19:11:24","date_gmt":"2014-11-03T18:11:24","guid":{"rendered":"http:\/\/www.renaissance-vieux-boulogne.fr\/?page_id=112"},"modified":"2026-04-17T11:35:45","modified_gmt":"2026-04-17T10:35:45","slug":"les-sorties-culturelles","status":"publish","type":"page","link":"https:\/\/www.renaissance-vieux-boulogne.fr\/?page_id=112","title":{"rendered":"Les sorties culturelles"},"content":{"rendered":"<p style=\"text-align: center;\">Elles permettent de d\u00e9couvrir le patrimoine des villes voisines, de faire la rencontre de personnes impliqu\u00e9es dans sa sauvegarde et sa promotion.<\/p>\n<h5 style=\"text-align: center;\"><span style=\"color: #ff0000;\">Programme 2025-2026<\/span><\/h5>\n<p style=\"text-align: center;\"><a href=\"https:\/\/www.renaissance-vieux-boulogne.fr\/wp-content\/uploads\/2026\/04\/2026-06-18-SORTIE-LOUVRE-LENS-HISTOIRE-DES-ORIENTALISMES.pdf\">Jeudi 18 juin 2026 SORTIE LOUVRE LENS, visite guid\u00e9e de l&rsquo;exposition <\/a>\u00a0<a href=\"https:\/\/www.renaissance-vieux-boulogne.fr\/wp-content\/uploads\/2026\/04\/2026-06-18-SORTIE-LOUVRE-LENS-HISTOIRE-DES-ORIENTALISMES.pdf\">HISTOIRE DES ORIENTALISMES<\/a><\/p>\n<p style=\"text-align: center;\"><a href=\"https:\/\/www.renaissance-vieux-boulogne.fr\/wp-content\/uploads\/2026\/01\/2026-04-29-SORTIE-NORMANDIE.pdf\">Mercredi 29 avril 2026 SORT<\/a><a href=\"https:\/\/www.renaissance-vieux-boulogne.fr\/wp-content\/uploads\/2026\/01\/2026-04-29-SORTIE-NORMANDIE.pdf\">IE NORMANDIE\u00a0<\/a> , <span style=\"font-size: revert;\">mus\u00e9e Victor Hugo \u00e0 Villequier et abbaye de Saint Wandrille<\/span><\/p>\n<p style=\"text-align: center;\"><a href=\"https:\/\/www.renaissance-vieux-boulogne.fr\/wp-content\/uploads\/2025\/10\/2025-11-27-SORTIE-LOUVRE-LENS-GOTHIQUES.pdf\" target=\"_blank\" rel=\"noopener\">Jeudi 27 novembre\u00a0 2025 SORTIE LOUVRE-LENS, exposition \u00ab\u00a0Gothiques\u00a0\u00bb<\/a><\/p>\n<p style=\"text-align: center;\"><a href=\"https:\/\/www.renaissance-vieux-boulogne.fr\/wp-content\/uploads\/2025\/06\/rvb_sortie_douai_25_09_2025.pdf\" target=\"_blank\" rel=\"noopener\">Jeudi 25 septembre\u00a0 2025 SORTIE DOUAI<\/a><\/p>\n<h5 style=\"text-align: center;\"><span style=\"color: #ff0000;\">Programme 2024-2025<\/span><\/h5>\n<p style=\"text-align: center;\"><a href=\"https:\/\/www.renaissance-vieux-boulogne.fr\/wp-content\/uploads\/2024\/12\/rvb_sortie_louvre_lens_exils.pdf\" target=\"_blank\" rel=\"noopener\">Jeudi 12 d\u00e9cembre 2024 SORTIE LOUVRE-LENS, exposition <em>Exils<\/em><\/a><\/p>\n<p style=\"text-align: center;\"><a href=\"https:\/\/www.renaissance-vieux-boulogne.fr\/wp-content\/uploads\/2024\/09\/rvb_2024_11_21-SORTIE-RUBROUCK-ET-NOORDPEENE.pdf\" target=\"_blank\" rel=\"noopener\">Vendredi 21 novembre 2024\u00a0 SORTIE RUBROUCK ET NOORDPEENE<\/a><\/p>\n<p style=\"text-align: center;\"><a href=\"https:\/\/www.renaissance-vieux-boulogne.fr\/wp-content\/uploads\/2024\/09\/rvb_balade_villas_wimereux.pdf\" target=\"_blank\" rel=\"noopener\">Vendredi 4 octobre 2024 SORTIE\u00a0 VILLAS DE WIMEREUX<\/a><\/p>\n<h5><\/h5>\n<h5 style=\"text-align: center;\"><span style=\"color: #ff0000;\"><strong>Programme 2023-2024<\/strong><\/span><\/h5>\n<p style=\"text-align: left;\"><strong><span style=\"color: #993366;\">Jeudi 25 avril 2024 visite du Ch\u00e2teau de Bel Oeil en Wallonie. <span style=\"font-size: revert;\">Le matin, visite guid\u00e9e de la r\u00e9sidence princi\u00e8re m\u00e9tamorphos\u00e9e par l&rsquo;exposition d&rsquo;amaryllis. L&rsquo;apr\u00e8s-midi, visite guid\u00e9e du parc, de ses jardins et bassins.\u00a0<\/span><\/span><\/strong><\/p>\n<p style=\"text-align: center;\"><a href=\"https:\/\/www.chateaudebeloeil.com\/event\/concours-amaryllis-2019\/\" target=\"_blank\" rel=\"noopener\">acc\u00e9der au site du ch\u00e2teau de Bel Oeil<\/a><\/p>\n<h5 style=\"text-align: center;\"><span style=\"color: #ff0000;\"><strong>Programme 2022-2023<\/strong><\/span><\/h5>\n<p><strong><span style=\"color: #993366;\">Lundi 14 novembre 2022, Visite guid\u00e9e de l&rsquo;exposition Champollion la voie des Hi\u00e9roglyphes au Louvre-Lens<\/span><\/strong><\/p>\n<p style=\"text-align: left;\"><strong><span style=\"color: #993366;\">Mercredi 10 mai 2023, Journ\u00e9e \u00e0 Noyon, Visite guid\u00e9e de la cath\u00e9drale et de son quartier de 10h30 \u00e0 12h, Visite guid\u00e9e du Mus\u00e9e Jean Calvin de 14h30 \u00e0 16h<\/span><\/strong><\/p>\n<p style=\"text-align: center;\">D\u00e9part de Boulogne-sur-mer 7h30. Retour \u00e0 19h.<\/p>\n<p style=\"text-align: center;\">Prix : 55 euros (comprenant le transport, l&rsquo;entr\u00e9e au mus\u00e9e et les visites guid\u00e9es)<\/p>\n<p style=\"text-align: center;\">Date limite d&rsquo;inscription vendredi 28 avril 2023<\/p>\n<p style=\"text-align: center;\">Nous contacter<\/p>\n<p style=\"text-align: center;\"><a class=\"moz-txt-link-abbreviated\" href=\"mailto:contact@renaissance-vieux-boulogne.fr\">contact@renaissance-vieux-boulogne.fr<\/a><\/p>\n<p style=\"text-align: center;\">_______<\/p>\n<p style=\"text-align: center;\"><span style=\"color: #ff0000;\"><strong>Programme 2020-2021<\/strong><\/span><\/p>\n<p><span style=\"color: #ff0000;\">En raison des circonstances sanitaires, aucune sortie n&rsquo;est programm\u00e9e \u00e0 ce jour.<\/span><\/p>\n<p style=\"text-align: center;\">______<\/p>\n<p style=\"text-align: center;\"><span style=\"color: #ff0000;\"><strong>Programme 2018-2019<\/strong><\/span><\/p>\n<p><a href=\"http:\/\/www.renaissance-vieux-boulogne.fr\/?p=2413\" target=\"_blank\" rel=\"noopener noreferrer\">Samedi 11 mai 2019, La Cath\u00e9drale Saint-Pierre de Beauvais et l&rsquo;Abbaye de Royaumont\u00a0<\/a><\/p>\n<p style=\"text-align: center;\"><a href=\"http:\/\/www.renaissance-vieux-boulogne.fr\/?p=2019\" target=\"_blank\" rel=\"noopener noreferrer\">Samedi 17 novembre 2018, Le Louvre-Lens et l&rsquo;art d\u00e9co \u00e0 Lens\u00a0<\/a><\/p>\n<p style=\"text-align: center;\">____<\/p>\n<p style=\"text-align: center;\"><span style=\"color: #ff0000;\"><strong>Programme 2017-2018<\/strong><\/span><\/p>\n<p style=\"text-align: center;\"><b>6 janvier 2018, Lille et Lens<\/b><\/p>\n<p style=\"text-align: center;\">Le matin, Mus\u00e9e des Beaux Arts de Lille: exposition consacr\u00e9e \u00e0 JF Millet.<\/p>\n<p style=\"text-align: center;\">L&rsquo;apr\u00e8s-midi, Louvre-Lens: \u00ab\u00a0Musique! Echo de l&rsquo;Antiquit\u00e9\u00a0\u00bb.<\/p>\n<p style=\"text-align: center;\"><b>18 juin 2018,\u00a0<\/b><b>Tourcoing<\/b><\/p>\n<p style=\"text-align: center;\">Le matin, visite guid\u00e9e \u00e0 pied avec pr\u00e9sentation des \u00ab\u00a0Trois fleurons\u00a0\u00bb: H\u00f4tel de ville, Eglise Saint-Christophe et l&rsquo;Hospice d&rsquo;Havr\u00e9.<\/p>\n<p style=\"text-align: center;\">D\u00e9jeuner au restaurant \u00ab\u00a0Le Paradoxe\u00a0\u00bbsitu\u00e9 dans l&rsquo;Hospice d&rsquo;Havr\u00e9.<\/p>\n<p style=\"text-align: center;\">L&rsquo;apr\u00e8s-midi,\u00a0\u00a0visite guid\u00e9e de l&rsquo;exposition install\u00e9e au MUBA Eug\u00e8ne Leroy: \u00ab\u00a0Les Chr\u00e9tiens d&rsquo;Orient, 2000 ans d&rsquo;histoire\u00a0\u00bb<\/p>\n<p style=\"text-align: center;\">\u00a0 \u00a0 \u00a0 \u00a0 \u00a0 \u00a0 \u00a0 \u00a0 \u00a0 \u00a0 \u00a0 \u00a0 \u00a0 \u00a0 \u00a0pr\u00e9sentation de la Chapelle du Voeu par le pr\u00e9sident de la Soci\u00e9t\u00e9 Historique de Tourcoing.<\/p>\n<p style=\"text-align: center;\">_______<\/p>\n<p style=\"text-align: center;\"><!--more--><\/p>\n<p style=\"text-align: center;\"><span style=\"color: #ff0000;\"><strong>Programme 2016-2017<\/strong><\/span><\/p>\n<p style=\"text-align: center;\"><a href=\"http:\/\/www.renaissance-vieux-boulogne.fr\/wp-content\/uploads\/2014\/11\/Gand.pdf\">Gand 3 d\u00e9cembre 2016<\/a><\/p>\n<p style=\"text-align: center;\"><a href=\"http:\/\/www.renaissance-vieux-boulogne.fr\/wp-content\/uploads\/2014\/11\/Eu-Mers-les-Bains.pdf\">Eu, Mers les Bains 18 mars 2017<\/a><\/p>\n<p style=\"text-align: center;\"><a href=\"http:\/\/www.renaissance-vieux-boulogne.fr\/wp-content\/uploads\/2017\/07\/saint-riquier.pdf\">Saint-Riquier et les jardins de Maizicourt 10 juin 2017<\/a><\/p>\n<p style=\"text-align: center;\"><!--more--><\/p>\n<p style=\"text-align: center;\">_______<\/p>\n<p style=\"text-align: center;\"><span style=\"color: #ff0000;\"><strong>Programme 2015-2016<\/strong><\/span><\/p>\n<p style=\"text-align: center;\"><a href=\"http:\/\/www.renaissance-vieux-boulogne.fr\/?p=1162\" target=\"_blank\" rel=\"noopener noreferrer\">Journ\u00e9e \u00e0 Villeuve-d&rsquo;Ascq, vendredi 27 mai 2016<\/a><\/p>\n<p style=\"text-align: center;\"><a href=\"http:\/\/www.renaissance-vieux-boulogne.fr\/?p=1125\" target=\"_blank\" rel=\"noopener noreferrer\">Journ\u00e9e \u00e0 Abbeville, samedi 19 mars 2016<\/a><\/p>\n<p style=\"text-align: center;\"><a href=\"http:\/\/www.renaissance-vieux-boulogne.fr\/?p=797\" target=\"_blank\" rel=\"noopener noreferrer\">Journ\u00e9e \u00e0 Dunkerque, samedi 5 d\u00e9cembre 2015<\/a><\/p>\n<p style=\"text-align: center;\"><a href=\"http:\/\/www.renaissance-vieux-boulogne.fr\/?p=675\">Journ\u00e9e \u00e0 Roubaix, samedi 10 octobre 2015<\/a><\/p>\n<p style=\"text-align: center;\">________<\/p>\n<p style=\"text-align: center;\"><span style=\"color: #ff0000;\"><strong>Programme 2014-2015<\/strong><\/span><\/p>\n<p style=\"text-align: center;\"><a title=\"Sortie Rouen\" href=\"http:\/\/www.renaissance-vieux-boulogne.fr\/?p=614\" target=\"_blank\" rel=\"noopener noreferrer\">Journ\u00e9e \u00e0 Rouen, samedi 6 juin 2015<\/a><\/p>\n<p style=\"text-align: center;\"><a title=\"Sortie Calais Bourbourg\" href=\"http:\/\/www.renaissance-vieux-boulogne.fr\/?p=533\" target=\"_blank\" rel=\"noopener noreferrer\">Journ\u00e9e \u00e0 Calais et Bourbourg, samedi 21 mars 2015<\/a><\/p>\n<p style=\"text-align: center;\"><a title=\"Sortie \u00e0 Lille\" href=\"http:\/\/www.renaissance-vieux-boulogne.fr\/?p=306\" target=\"_blank\" rel=\"noopener noreferrer\">Journ\u00e9e \u00e0 Lille, jeudi 11 d\u00e9cembre 2014<\/a><\/p>\n","protected":false},"excerpt":{"rendered":"<p>Elles permettent de d\u00e9couvrir le patrimoine des villes voisines, de faire la rencontre de personnes impliqu\u00e9es dans sa sauvegarde et sa promotion. Programme 2025-2026 Jeudi 18 juin 2026 SORTIE LOUVRE LENS, visite guid\u00e9e de l&rsquo;exposition \u00a0HISTOIRE DES ORIENTALISMES Mercredi 29 avril 2026 SORTIE NORMANDIE\u00a0 , mus\u00e9e Victor Hugo \u00e0 Villequier et abbaye de Saint Wandrille &hellip; <a href=\"https:\/\/www.renaissance-vieux-boulogne.fr\/?page_id=112\" class=\"more-link\">Continuer la lecture de <span class=\"screen-reader-text\">Les sorties culturelles<\/span>  <span class=\"meta-nav\">&rarr;<\/span><\/a><\/p>\n","protected":false},"author":1,"featured_media":0,"parent":0,"menu_order":0,"comment_status":"closed","ping_status":"closed","template":"","meta":{"footnotes":""},"class_list":["post-112","page","type-page","status-publish","hentry"],"_links":{"self":[{"href":"https:\/\/www.renaissance-vieux-boulogne.fr\/index.php?rest_route=\/wp\/v2\/pages\/112","targetHints":{"allow":["GET"]}}],"collection":[{"href":"https:\/\/www.renaissance-vieux-boulogne.fr\/index.php?rest_route=\/wp\/v2\/pages"}],"about":[{"href":"https:\/\/www.renaissance-vieux-boulogne.fr\/index.php?rest_route=\/wp\/v2\/types\/page"}],"author":[{"embeddable":true,"href":"https:\/\/www.renaissance-vieux-boulogne.fr\/index.php?rest_route=\/wp\/v2\/users\/1"}],"replies":[{"embeddable":true,"href":"https:\/\/www.renaissance-vieux-boulogne.fr\/index.php?rest_route=%2Fwp%2Fv2%2Fcomments&post=112"}],"version-history":[{"count":82,"href":"https:\/\/www.renaissance-vieux-boulogne.fr\/index.php?rest_route=\/wp\/v2\/pages\/112\/revisions"}],"predecessor-version":[{"id":4756,"href":"https:\/\/www.renaissance-vieux-boulogne.fr\/index.php?rest_route=\/wp\/v2\/pages\/112\/revisions\/4756"}],"wp:attachment":[{"href":"https:\/\/www.renaissance-vieux-boulogne.fr\/index.php?rest_route=%2Fwp%2Fv2%2Fmedia&parent=112"}],"curies":[{"name":"wp","href":"https:\/\/api.w.org\/{rel}","templated":true}]}}