{"id":1368,"date":"2017-07-26T21:15:41","date_gmt":"2017-07-26T20:15:41","guid":{"rendered":"http:\/\/www.renaissance-vieux-boulogne.fr\/?page_id=1368"},"modified":"2026-04-17T11:30:58","modified_gmt":"2026-04-17T10:30:58","slug":"accueil-2","status":"publish","type":"page","link":"https:\/\/www.renaissance-vieux-boulogne.fr\/","title":{"rendered":"Accueil"},"content":{"rendered":"\n<h4 style=\"text-align: center;\"><span style=\"color: #ff0000;\">Prochaine conf\u00e9rence\u00a0<\/span><\/h4>\n<p style=\"text-align: center;\"><a href=\"https:\/\/www.renaissance-vieux-boulogne.fr\/wp-content\/uploads\/2026\/04\/affiche_conf_memorial_thiepval.jpg\"><img loading=\"lazy\" decoding=\"async\" class=\"alignnone size-medium wp-image-4748\" src=\"https:\/\/www.renaissance-vieux-boulogne.fr\/wp-content\/uploads\/2026\/04\/affiche_conf_memorial_thiepval-212x300.jpg\" alt=\"\" width=\"212\" height=\"300\" srcset=\"https:\/\/www.renaissance-vieux-boulogne.fr\/wp-content\/uploads\/2026\/04\/affiche_conf_memorial_thiepval-212x300.jpg 212w, https:\/\/www.renaissance-vieux-boulogne.fr\/wp-content\/uploads\/2026\/04\/affiche_conf_memorial_thiepval-724x1024.jpg 724w, https:\/\/www.renaissance-vieux-boulogne.fr\/wp-content\/uploads\/2026\/04\/affiche_conf_memorial_thiepval-768x1086.jpg 768w, https:\/\/www.renaissance-vieux-boulogne.fr\/wp-content\/uploads\/2026\/04\/affiche_conf_memorial_thiepval-1086x1536.jpg 1086w, https:\/\/www.renaissance-vieux-boulogne.fr\/wp-content\/uploads\/2026\/04\/affiche_conf_memorial_thiepval.jpg 1414w\" sizes=\"auto, (max-width: 212px) 100vw, 212px\" \/><\/a><\/p>\n<h4 style=\"text-align: center;\"><span style=\"color: #ff0000;\"><strong>Vendredi 29 mai 2026<\/strong><\/span><\/h4>\n<h4 style=\"text-align: center;\"><span style=\"color: #ff0000;\"><strong>Rapha\u00ebl WILLAY<\/strong><\/span><\/h4>\n<h4 style=\"text-align: center;\"><span style=\"color: #ff0000;\">Le m\u00e9morial de Thiepval<\/span><\/h4>\n<p align=\"JUSTIFY\">Si le M\u00e9morial de Thiepval, con\u00e7u par Sir Edwin Lutyens et inaugur\u00e9 en 1932, arbore l\u2019inscription \u00ab\u00a0Aux arm\u00e9es fran\u00e7aises et britanniques\u00a0: l\u2019Empire britannique reconnaissant\u00a0\u00bb, il rend avant tout hommage aux soldats britanniques et sud-africains disparus lors de la bataille de la Somme (1916). Ses 16 piliers sur lesquels reposent une structure d\u2019arcs imbriqu\u00e9s sont en effet recouverts de plaques comm\u00e9moratives o\u00f9 sont grav\u00e9s les noms de plus de 72 000 soldats dont les corps n\u2019ont jamais \u00e9t\u00e9 retrouv\u00e9s. Le plus grand m\u00e9morial g\u00e9r\u00e9 par la <i>Commonwealth War Graves Commision<\/i> au monde r\u00e9v\u00e8le par ses dimensions la volont\u00e9 de cr\u00e9er un espace \u00e0 la hauteur du sacrifice consenti, devenu un lieu de recueillement et de comm\u00e9moration fr\u00e9quent\u00e9 par des visiteurs du monde entier.<\/p>\n<p style=\"text-align: center;\" align=\"JUSTIFY\"><strong>____<\/strong><\/p>\n<h4 style=\"text-align: center;\"><span style=\"color: #ff0000;\">Les prochaines sorties culturelles\u00a0<\/span><\/h4>\n<h6 style=\"text-align: center;\"><a href=\"https:\/\/www.renaissance-vieux-boulogne.fr\/wp-content\/uploads\/2026\/01\/2026-04-29-SORTIE-NORMANDIE.pdf\" target=\"_blank\" rel=\"noopener\">29 avril 2026\u00a0 Villequiers et l&rsquo;abbaye de Saint-Wandrille<\/a><\/h6>\n<p style=\"text-align: center;\"><span style=\"color: #000000;\"><strong><a href=\"https:\/\/www.renaissance-vieux-boulogne.fr\/wp-content\/uploads\/2026\/04\/2026-06-18-SORTIE-LOUVRE-LENS-HISTOIRE-DES-ORIENTALISMES.pdf\">18 juin 2026\u00a0 LOUVRE LENS Visite guid\u00e9e de l&rsquo;exposition HISTOIRE DES ORIENTALISMES<\/a><\/strong><\/span><span style=\"color: revert; font-size: 16px; font-weight: bold;\">\u00a0<\/span><\/p>\n<p style=\"text-align: center;\"><strong>_______<\/strong><\/p>\n<h4 style=\"text-align: center;\">Publications\u00a0<\/h4>\n\n\n\n<table style=\"height: 81px; width: 116.27%; border-collapse: collapse; border-style: solid; border-color: #000000;\">\n<tbody>\n<tr style=\"height: 157px;\">\n<td style=\"width: 50%; height: 63px; border-style: solid; border-color: #000000;\">\n<h4 style=\"text-align: center;\">Parution du Cahier du Patrimoine n\u00b092<\/h4>\n<h5 style=\"text-align: center;\">2\u00e8me semestre 2025<\/h5>\n<p style=\"text-align: center;\"><a href=\"https:\/\/www.renaissance-vieux-boulogne.fr\/?p=4579\" target=\"_blank\" rel=\"noopener\"><img loading=\"lazy\" decoding=\"async\" class=\"alignnone size-medium wp-image-4571\" src=\"https:\/\/www.renaissance-vieux-boulogne.fr\/wp-content\/uploads\/2025\/12\/cahier_92_couv-1-210x300.jpg\" alt=\"\" width=\"210\" height=\"300\" srcset=\"https:\/\/www.renaissance-vieux-boulogne.fr\/wp-content\/uploads\/2025\/12\/cahier_92_couv-1-210x300.jpg 210w, https:\/\/www.renaissance-vieux-boulogne.fr\/wp-content\/uploads\/2025\/12\/cahier_92_couv-1-718x1024.jpg 718w, https:\/\/www.renaissance-vieux-boulogne.fr\/wp-content\/uploads\/2025\/12\/cahier_92_couv-1-768x1095.jpg 768w, https:\/\/www.renaissance-vieux-boulogne.fr\/wp-content\/uploads\/2025\/12\/cahier_92_couv-1.jpg 982w\" sizes=\"auto, (max-width: 210px) 100vw, 210px\" \/><\/a><\/p>\n<\/td>\n<td style=\"width: 68.254%; height: 63px; border-style: solid; border-color: #000000;\">\n<p style=\"text-align: center;\">Edition par Renaissance du Vieux Boulogne de&nbsp; deux revues locales des ann\u00e9es 1930 \u00e0 1940, jusqu&rsquo;alors in\u00e9dites, compos\u00e9es par Charles Cojez.&nbsp;<\/p>\n<p style=\"text-align: center;\"><a href=\"https:\/\/www.renaissance-vieux-boulogne.fr\/?p=4503\" target=\"_blank\" rel=\"noopener\"><img loading=\"lazy\" decoding=\"async\" class=\"alignnone size-thumbnail wp-image-4428\" src=\"https:\/\/www.renaissance-vieux-boulogne.fr\/wp-content\/uploads\/2025\/11\/photo_couv_million-150x150.jpg\" alt=\"\" width=\"150\" height=\"150\"><\/a><\/p>\n<p><a href=\"https:\/\/www.renaissance-vieux-boulogne.fr\/?p=4503\" target=\"_blank\" rel=\"noopener\"><img loading=\"lazy\" decoding=\"async\" class=\"alignnone size-thumbnail wp-image-4429 aligncenter\" src=\"https:\/\/www.renaissance-vieux-boulogne.fr\/wp-content\/uploads\/2025\/11\/photo_couv_au_minis-150x150.jpg\" alt=\"\" width=\"150\" height=\"150\"><\/a><\/p>\n<\/td>\n<\/tr>\n<\/tbody>\n<\/table>\n\n\n\n<p class=\"has-text-align-center\"><\/p>\n\n\n\n<table style=\"border-collapse: collapse; width: 115.674%; height: 1166px;\">\n<tbody>\n<tr style=\"height: 1166px;\">\n<td style=\"width: 100%; height: 1166px;\">\n<p style=\"text-align: center;\"><em>Jean-Luc Bouly<\/em>, membre de notre association, vient de publier un ouvrage intitul\u00e9 <em><strong>Envahir l&rsquo;Angleterre! L&rsquo;impossible d\u00e9fi de Napol\u00e9on Bonaparte<\/strong><\/em>&nbsp;en deux volumes aux Editions L&rsquo;Harmattan. Il est en vente sur le site de L&rsquo;Harmattan et au Furet et \u00e0 la FNAC. Il va de soi que cet ouvrage pr\u00e9sente un int\u00e9r\u00eat particulier dans le cadre de notre association et nous avons d\u00e9sormais pr\u00e9vu d&rsquo;inviter M. Bouly pour une conf\u00e9rence sur ce sujet la saison prochaine.<\/p>\n<p><a href=\"https:\/\/www.renaissance-vieux-boulogne.fr\/wp-content\/uploads\/2025\/12\/livre_envahir_angl_1.jpg\"><img loading=\"lazy\" decoding=\"async\" class=\"alignnone size-medium wp-image-4492 aligncenter\" src=\"https:\/\/www.renaissance-vieux-boulogne.fr\/wp-content\/uploads\/2025\/12\/livre_envahir_angl_1-220x300.jpg\" alt=\"\" width=\"220\" height=\"300\" srcset=\"https:\/\/www.renaissance-vieux-boulogne.fr\/wp-content\/uploads\/2025\/12\/livre_envahir_angl_1-220x300.jpg 220w, https:\/\/www.renaissance-vieux-boulogne.fr\/wp-content\/uploads\/2025\/12\/livre_envahir_angl_1-751x1024.jpg 751w, https:\/\/www.renaissance-vieux-boulogne.fr\/wp-content\/uploads\/2025\/12\/livre_envahir_angl_1-768x1048.jpg 768w, https:\/\/www.renaissance-vieux-boulogne.fr\/wp-content\/uploads\/2025\/12\/livre_envahir_angl_1.jpg 1115w\" sizes=\"auto, (max-width: 220px) 100vw, 220px\" \/><\/a><a href=\"https:\/\/www.renaissance-vieux-boulogne.fr\/wp-content\/uploads\/2025\/12\/livre_envahir_angl_2.jpg\"><img loading=\"lazy\" decoding=\"async\" class=\"alignnone size-medium wp-image-4493 aligncenter\" src=\"https:\/\/www.renaissance-vieux-boulogne.fr\/wp-content\/uploads\/2025\/12\/livre_envahir_angl_2-196x300.jpg\" alt=\"\" width=\"196\" height=\"300\" srcset=\"https:\/\/www.renaissance-vieux-boulogne.fr\/wp-content\/uploads\/2025\/12\/livre_envahir_angl_2-196x300.jpg 196w, https:\/\/www.renaissance-vieux-boulogne.fr\/wp-content\/uploads\/2025\/12\/livre_envahir_angl_2-668x1024.jpg 668w, https:\/\/www.renaissance-vieux-boulogne.fr\/wp-content\/uploads\/2025\/12\/livre_envahir_angl_2-768x1177.jpg 768w, https:\/\/www.renaissance-vieux-boulogne.fr\/wp-content\/uploads\/2025\/12\/livre_envahir_angl_2.jpg 893w\" sizes=\"auto, (max-width: 196px) 100vw, 196px\" \/><\/a><\/p>\n<p style=\"text-align: center;\"><a href=\"https:\/\/www.renaissance-vieux-boulogne.fr\/wp-content\/uploads\/2025\/12\/livre_envahir_angl_2_bis.jpg\"><img loading=\"lazy\" decoding=\"async\" class=\"alignnone size-medium wp-image-4494\" src=\"https:\/\/www.renaissance-vieux-boulogne.fr\/wp-content\/uploads\/2025\/12\/livre_envahir_angl_2_bis-196x300.jpg\" alt=\"\" width=\"196\" height=\"300\" srcset=\"https:\/\/www.renaissance-vieux-boulogne.fr\/wp-content\/uploads\/2025\/12\/livre_envahir_angl_2_bis-196x300.jpg 196w, https:\/\/www.renaissance-vieux-boulogne.fr\/wp-content\/uploads\/2025\/12\/livre_envahir_angl_2_bis-670x1024.jpg 670w, https:\/\/www.renaissance-vieux-boulogne.fr\/wp-content\/uploads\/2025\/12\/livre_envahir_angl_2_bis-768x1174.jpg 768w, https:\/\/www.renaissance-vieux-boulogne.fr\/wp-content\/uploads\/2025\/12\/livre_envahir_angl_2_bis.jpg 883w\" sizes=\"auto, (max-width: 196px) 100vw, 196px\" \/><\/a><\/p>\n<\/td>\n<\/tr>\n<\/tbody>\n<\/table>\n\n\n\n<h3 style=\"text-align: center;\">___<\/h3>\n<h3 style=\"text-align: center;\"><span style=\"color: #000000;\">Le 20 octobre 2023<\/span><\/h3>\n<h3 style=\"text-align: center;\"><span style=\"color: #000000;\">avait lieu la c\u00e9r\u00e9monie du cinquantenaire de l&rsquo;Association\u00a0<\/span><\/h3>\n<h3 style=\"text-align: center;\"><span style=\"color: #000000;\">\u00e0 l&rsquo;H\u00f4tel de Ville de Boulogne-sur-mer en pr\u00e9sence de Monsieur Le Maire\u00a0<\/span><\/h3>\n<p>\u00a0<\/p>\n<div id='gallery-1' class='gallery galleryid-1368 gallery-columns-3 gallery-size-thumbnail'><figure class='gallery-item'>\n\t\t\t<div class='gallery-icon landscape'>\n\t\t\t\t<a href='https:\/\/www.renaissance-vieux-boulogne.fr\/?attachment_id=3715'><img loading=\"lazy\" decoding=\"async\" width=\"150\" height=\"150\" src=\"https:\/\/www.renaissance-vieux-boulogne.fr\/wp-content\/uploads\/2023\/11\/RVB_50ans_1-1-150x150.jpg\" class=\"attachment-thumbnail size-thumbnail\" alt=\"\" \/><\/a>\n\t\t\t<\/div><\/figure><figure class='gallery-item'>\n\t\t\t<div class='gallery-icon landscape'>\n\t\t\t\t<a href='https:\/\/www.renaissance-vieux-boulogne.fr\/?attachment_id=3711'><img loading=\"lazy\" decoding=\"async\" width=\"150\" height=\"150\" src=\"https:\/\/www.renaissance-vieux-boulogne.fr\/wp-content\/uploads\/2023\/11\/RVB_50ans_2-150x150.jpg\" class=\"attachment-thumbnail size-thumbnail\" alt=\"\" \/><\/a>\n\t\t\t<\/div><\/figure><figure class='gallery-item'>\n\t\t\t<div class='gallery-icon portrait'>\n\t\t\t\t<a href='https:\/\/www.renaissance-vieux-boulogne.fr\/?attachment_id=3712'><img loading=\"lazy\" decoding=\"async\" width=\"150\" height=\"150\" src=\"https:\/\/www.renaissance-vieux-boulogne.fr\/wp-content\/uploads\/2023\/11\/RVB_50ans_3-150x150.jpg\" class=\"attachment-thumbnail size-thumbnail\" alt=\"\" \/><\/a>\n\t\t\t<\/div><\/figure>\n\t\t<\/div>\n\n\n\n\n<p class=\"has-text-align-center\"><\/p>\n\n\n\n<hr class=\"wp-block-separator has-css-opacity\"\/>\n\n\n\n<p class=\"has-text-align-center\"><strong>__________<\/strong><\/p>\n\n\n\n<p class=\"has-text-align-center\"><strong>BOULOGNE-SUR-MER EN IMAGES<\/strong><\/p>\n\n\n\n<p class=\"has-text-align-center\">Promenades au fil de la ville<\/p>\n\n\n\n<p>Boulogne-sur mer offre au promeneur de multiples visages. Parcourir la ville en images vous donne un aper\u00e7u de la richesse de son patrimoine.<\/p>\n\n\n\n<p class=\"has-text-align-center has-very-dark-gray-color has-text-color\"><strong>LES QUARTIERS DU PORT<\/strong><\/p>\n\n\n\n<p><strong>Cap\u00e9cure<\/strong><\/p>\n\n\n\n<figure class=\"wp-block-image\"><img loading=\"lazy\" decoding=\"async\" width=\"1024\" height=\"190\" src=\"http:\/\/www.renaissance-vieux-boulogne.fr\/wp-content\/uploads\/2018\/09\/capecure_4-1024x190.jpg\" alt=\"\" class=\"wp-image-1964\" srcset=\"https:\/\/www.renaissance-vieux-boulogne.fr\/wp-content\/uploads\/2018\/09\/capecure_4-1024x190.jpg 1024w, https:\/\/www.renaissance-vieux-boulogne.fr\/wp-content\/uploads\/2018\/09\/capecure_4-300x56.jpg 300w, https:\/\/www.renaissance-vieux-boulogne.fr\/wp-content\/uploads\/2018\/09\/capecure_4-768x143.jpg 768w, https:\/\/www.renaissance-vieux-boulogne.fr\/wp-content\/uploads\/2018\/09\/capecure_4.jpg 1216w\" sizes=\"auto, (max-width: 1024px) 100vw, 1024px\" \/><figcaption class=\"wp-element-caption\">Gare de mar\u00e9e et transformation du poisson<\/figcaption><\/figure>\n\n\n\n<figure class=\"wp-block-image\"><img loading=\"lazy\" decoding=\"async\" width=\"1024\" height=\"176\" src=\"http:\/\/www.renaissance-vieux-boulogne.fr\/wp-content\/uploads\/2018\/09\/capecure_3-1024x176.jpg\" alt=\"\" class=\"wp-image-1960\" srcset=\"https:\/\/www.renaissance-vieux-boulogne.fr\/wp-content\/uploads\/2018\/09\/capecure_3-1024x176.jpg 1024w, https:\/\/www.renaissance-vieux-boulogne.fr\/wp-content\/uploads\/2018\/09\/capecure_3-300x52.jpg 300w, https:\/\/www.renaissance-vieux-boulogne.fr\/wp-content\/uploads\/2018\/09\/capecure_3-768x132.jpg 768w, https:\/\/www.renaissance-vieux-boulogne.fr\/wp-content\/uploads\/2018\/09\/capecure_3.jpg 1214w\" sizes=\"auto, (max-width: 1024px) 100vw, 1024px\" \/><figcaption class=\"wp-element-caption\">Vers l\u2019ancienne SCIB et la gare de mar\u00e9e<\/figcaption><\/figure>\n\n\n\n<p><strong>Autour du Bassin Napol\u00e9on<\/strong><\/p>\n\n\n\n<figure class=\"wp-block-image\"><img loading=\"lazy\" decoding=\"async\" width=\"1024\" height=\"201\" src=\"http:\/\/www.renaissance-vieux-boulogne.fr\/wp-content\/uploads\/2018\/09\/capecure_5-1024x201.jpg\" alt=\"\" class=\"wp-image-1970\" srcset=\"https:\/\/www.renaissance-vieux-boulogne.fr\/wp-content\/uploads\/2018\/09\/capecure_5-1024x201.jpg 1024w, https:\/\/www.renaissance-vieux-boulogne.fr\/wp-content\/uploads\/2018\/09\/capecure_5-300x59.jpg 300w, https:\/\/www.renaissance-vieux-boulogne.fr\/wp-content\/uploads\/2018\/09\/capecure_5-768x151.jpg 768w, https:\/\/www.renaissance-vieux-boulogne.fr\/wp-content\/uploads\/2018\/09\/capecure_5.jpg 1146w\" sizes=\"auto, (max-width: 1024px) 100vw, 1024px\" \/><figcaption class=\"wp-element-caption\">Vers l\u2019ANSES et l\u2019Universit\u00e9 du Littoral<\/figcaption><\/figure>\n\n\n\n<figure class=\"wp-block-image\"><img loading=\"lazy\" decoding=\"async\" width=\"1024\" height=\"181\" src=\"http:\/\/www.renaissance-vieux-boulogne.fr\/wp-content\/uploads\/2018\/09\/capecure_2-1024x181.jpg\" alt=\"\" class=\"wp-image-1958\" srcset=\"https:\/\/www.renaissance-vieux-boulogne.fr\/wp-content\/uploads\/2018\/09\/capecure_2-1024x181.jpg 1024w, https:\/\/www.renaissance-vieux-boulogne.fr\/wp-content\/uploads\/2018\/09\/capecure_2-300x53.jpg 300w, https:\/\/www.renaissance-vieux-boulogne.fr\/wp-content\/uploads\/2018\/09\/capecure_2-768x135.jpg 768w, https:\/\/www.renaissance-vieux-boulogne.fr\/wp-content\/uploads\/2018\/09\/capecure_2.jpg 1214w\" sizes=\"auto, (max-width: 1024px) 100vw, 1024px\" \/><figcaption class=\"wp-element-caption\">Aux environs de l\u2019\u00e9cluse<\/figcaption><\/figure>\n\n\n\n<p><strong>Le quai Gambetta et l&rsquo;avant-port<\/strong><\/p>\n\n\n\n<figure class=\"wp-block-image size-large\"><img loading=\"lazy\" decoding=\"async\" width=\"1024\" height=\"201\" src=\"http:\/\/www.renaissance-vieux-boulogne.fr\/wp-content\/uploads\/2020\/08\/frise_port-1024x201.jpg\" alt=\"\" class=\"wp-image-3066\" srcset=\"https:\/\/www.renaissance-vieux-boulogne.fr\/wp-content\/uploads\/2020\/08\/frise_port-1024x201.jpg 1024w, https:\/\/www.renaissance-vieux-boulogne.fr\/wp-content\/uploads\/2020\/08\/frise_port-300x59.jpg 300w, https:\/\/www.renaissance-vieux-boulogne.fr\/wp-content\/uploads\/2020\/08\/frise_port-768x151.jpg 768w, https:\/\/www.renaissance-vieux-boulogne.fr\/wp-content\/uploads\/2020\/08\/frise_port.jpg 1146w\" sizes=\"auto, (max-width: 1024px) 100vw, 1024px\" \/><\/figure>\n\n\n\n<p><strong>Le Bassin Loubet et le port de commerce <\/strong><\/p>\n\n\n\n<figure class=\"wp-block-image size-large\"><img loading=\"lazy\" decoding=\"async\" width=\"1024\" height=\"201\" src=\"http:\/\/www.renaissance-vieux-boulogne.fr\/wp-content\/uploads\/2020\/08\/frise_port_commerce_bassin_loubet-1024x201.jpg\" alt=\"\" class=\"wp-image-3067\" srcset=\"https:\/\/www.renaissance-vieux-boulogne.fr\/wp-content\/uploads\/2020\/08\/frise_port_commerce_bassin_loubet-1024x201.jpg 1024w, https:\/\/www.renaissance-vieux-boulogne.fr\/wp-content\/uploads\/2020\/08\/frise_port_commerce_bassin_loubet-300x59.jpg 300w, https:\/\/www.renaissance-vieux-boulogne.fr\/wp-content\/uploads\/2020\/08\/frise_port_commerce_bassin_loubet-768x151.jpg 768w, https:\/\/www.renaissance-vieux-boulogne.fr\/wp-content\/uploads\/2020\/08\/frise_port_commerce_bassin_loubet.jpg 1146w\" sizes=\"auto, (max-width: 1024px) 100vw, 1024px\" \/><\/figure>\n\n\n\n<p><strong>Vers Nausicaa et la plage <\/strong><\/p>\n\n\n\n<figure class=\"wp-block-image size-large\"><img loading=\"lazy\" decoding=\"async\" width=\"1024\" height=\"201\" src=\"http:\/\/www.renaissance-vieux-boulogne.fr\/wp-content\/uploads\/2020\/08\/frise_plage_nausicaa-1024x201.jpg\" alt=\"\" class=\"wp-image-3065\" srcset=\"https:\/\/www.renaissance-vieux-boulogne.fr\/wp-content\/uploads\/2020\/08\/frise_plage_nausicaa-1024x201.jpg 1024w, https:\/\/www.renaissance-vieux-boulogne.fr\/wp-content\/uploads\/2020\/08\/frise_plage_nausicaa-300x59.jpg 300w, https:\/\/www.renaissance-vieux-boulogne.fr\/wp-content\/uploads\/2020\/08\/frise_plage_nausicaa-768x151.jpg 768w, https:\/\/www.renaissance-vieux-boulogne.fr\/wp-content\/uploads\/2020\/08\/frise_plage_nausicaa.jpg 1146w\" sizes=\"auto, (max-width: 1024px) 100vw, 1024px\" \/><\/figure>\n\n\n\n<p><\/p>\n\n\n","protected":false},"excerpt":{"rendered":"<p>Prochaine conf\u00e9rence\u00a0 Vendredi 29 mai 2026 Rapha\u00ebl WILLAY Le m\u00e9morial de Thiepval Si le M\u00e9morial de Thiepval, con\u00e7u par Sir Edwin Lutyens et inaugur\u00e9 en 1932, arbore l\u2019inscription \u00ab\u00a0Aux arm\u00e9es fran\u00e7aises et britanniques\u00a0: l\u2019Empire britannique reconnaissant\u00a0\u00bb, il rend avant tout hommage aux soldats britanniques et sud-africains disparus lors de la bataille de la Somme (1916). &hellip; <a href=\"https:\/\/www.renaissance-vieux-boulogne.fr\/\" class=\"more-link\">Continuer la lecture de <span class=\"screen-reader-text\">Accueil<\/span>  <span class=\"meta-nav\">&rarr;<\/span><\/a><\/p>\n","protected":false},"author":1,"featured_media":2717,"parent":0,"menu_order":0,"comment_status":"closed","ping_status":"closed","template":"","meta":{"footnotes":""},"class_list":["post-1368","page","type-page","status-publish","has-post-thumbnail","hentry"],"_links":{"self":[{"href":"https:\/\/www.renaissance-vieux-boulogne.fr\/index.php?rest_route=\/wp\/v2\/pages\/1368","targetHints":{"allow":["GET"]}}],"collection":[{"href":"https:\/\/www.renaissance-vieux-boulogne.fr\/index.php?rest_route=\/wp\/v2\/pages"}],"about":[{"href":"https:\/\/www.renaissance-vieux-boulogne.fr\/index.php?rest_route=\/wp\/v2\/types\/page"}],"author":[{"embeddable":true,"href":"https:\/\/www.renaissance-vieux-boulogne.fr\/index.php?rest_route=\/wp\/v2\/users\/1"}],"replies":[{"embeddable":true,"href":"https:\/\/www.renaissance-vieux-boulogne.fr\/index.php?rest_route=%2Fwp%2Fv2%2Fcomments&post=1368"}],"version-history":[{"count":989,"href":"https:\/\/www.renaissance-vieux-boulogne.fr\/index.php?rest_route=\/wp\/v2\/pages\/1368\/revisions"}],"predecessor-version":[{"id":4753,"href":"https:\/\/www.renaissance-vieux-boulogne.fr\/index.php?rest_route=\/wp\/v2\/pages\/1368\/revisions\/4753"}],"wp:featuredmedia":[{"embeddable":true,"href":"https:\/\/www.renaissance-vieux-boulogne.fr\/index.php?rest_route=\/wp\/v2\/media\/2717"}],"wp:attachment":[{"href":"https:\/\/www.renaissance-vieux-boulogne.fr\/index.php?rest_route=%2Fwp%2Fv2%2Fmedia&parent=1368"}],"curies":[{"name":"wp","href":"https:\/\/api.w.org\/{rel}","templated":true}]}}