{"id":64,"date":"2014-11-03T12:43:22","date_gmt":"2014-11-03T11:43:22","guid":{"rendered":"http:\/\/www.renaissance-vieux-boulogne.fr\/?page_id=64"},"modified":"2026-04-17T11:40:17","modified_gmt":"2026-04-17T10:40:17","slug":"les-conferences","status":"publish","type":"page","link":"https:\/\/www.renaissance-vieux-boulogne.fr\/?page_id=64","title":{"rendered":"Les conf\u00e9rences"},"content":{"rendered":"<p style=\"text-align: center;\"><strong>Elles ont lieu \u00e0 l&rsquo;espace culturel de l&rsquo;Universit\u00e9 du Littoral, 21 rue Saint-Louis,\u00a0 \u00e0 Boulogne-sur-mer<\/strong><\/p>\n<p style=\"text-align: center;\"><a href=\"https:\/\/www.google.com\/maps\/place\/Biblioth%C3%A8que+des+Annonciades\/@50.724912,1.6101623,17z\/data=!3m1!4b1!4m5!3m4!1s0x47dc2c4c97b9daa3:0x608adbf4a534449a!8m2!3d50.724912!4d1.612351\" target=\"_blank\" rel=\"noopener noreferrer\"><img loading=\"lazy\" decoding=\"async\" width=\"194\" height=\"137\" class=\"wp-image-2564 aligncenter\" src=\"http:\/\/www.renaissance-vieux-boulogne.fr\/wp-content\/uploads\/2019\/09\/bibliotheque_annonciades.jpg\" alt=\"\" \/><\/a><\/p>\n<p align=\"CENTER\"><strong>Elles d\u00e9butent \u00e0 18h (dur\u00e9e : environ 1h30)<\/strong><\/p>\n<p align=\"CENTER\"><strong><em>Elles sont ouvertes \u00e0 tous et gratuites\u00a0<\/em><\/strong><\/p>\n<h3 align=\"CENTER\"><span style=\"color: #ff0000;\">Programme des conf\u00e9rences 2025-2026<\/span><\/h3>\n<p align=\"CENTER\"><span style=\"color: #ff0000;\">Vendredi 10 octobre 2025<\/span>, <a href=\"https:\/\/www.renaissance-vieux-boulogne.fr\/?p=4358\" target=\"_blank\" rel=\"noopener\"><span style=\"color: #008000;\">Georges DILLY, La jeunesse du verre, le temps des inventions<\/span><\/a><\/p>\n<p align=\"CENTER\"><span style=\"color: #ff0000;\">Vendredi 14 novembre 2025<\/span>, <a href=\"https:\/\/www.renaissance-vieux-boulogne.fr\/?p=4326\" target=\"_blank\" rel=\"noopener\"><span style=\"color: #008000;\">Alain JOBLIN, Judith Olivier, une sorci\u00e8re \u00e0 Boulogne-sur-mer au XVIII\u00e8me si\u00e8cle<\/span><\/a><\/p>\n<p align=\"CENTER\"><span style=\"color: #ff0000;\">Vendredi 5 d\u00e9cembre 2025<\/span>, <a href=\"https:\/\/www.renaissance-vieux-boulogne.fr\/?p=4392\" target=\"_blank\" rel=\"noopener\"><span style=\"color: #008000;\">Dominique GHESQUIERE, Georges Feydeau, roi des vaudevillistes\u00a0<\/span><\/a><\/p>\n<p align=\"CENTER\"><span style=\"color: #ff0000;\">Vendredi 16 janvier 2026<\/span>, <span style=\"color: #008000;\"><a href=\"https:\/\/www.renaissance-vieux-boulogne.fr\/?p=4522\" target=\"_blank\" rel=\"noopener\">Daniel TINTILLIER, Les casinos de Boulogne-sur-mer<\/a>\u00a0<\/span><\/p>\n<p align=\"CENTER\"><span style=\"color: #ff0000;\">6 f\u00e9vrier 2026<\/span>, <a href=\"https:\/\/www.renaissance-vieux-boulogne.fr\/?p=4641\" target=\"_blank\" rel=\"noopener\"><span style=\"color: #008000;\">Richard HONVAULT, Le patrimoine religieux boulonnais au XIX\u00e8me si\u00e8cle<\/span><\/a><\/p>\n<p align=\"CENTER\"><span style=\"color: #ff0000;\">13 mars 2026<\/span>,<a href=\"https:\/\/www.renaissance-vieux-boulogne.fr\/?p=4712\" target=\"_blank\" rel=\"noopener\"> Michel Gutierrez, les panth\u00e9ons boulonnais, concurrence et connivence des m\u00e9moires en 1900<\/a><\/p>\n<p style=\"text-align: left;\" align=\"CENTER\"><span style=\"color: #ff0000;\">27 mars 2026<\/span>, <a href=\"https:\/\/www.renaissance-vieux-boulogne.fr\/?p=4736\" target=\"_blank\" rel=\"noopener\">Jean-Michel PRIOTTI. Pr\u00e9sentation\/d\u00e9bat, Un si\u00e8cle d&rsquo;or culturel en province. Boulogne-sur-mer entre 1820 et 1920<\/a><\/p>\n<p align=\"CENTER\"><span style=\"color: #ff0000;\">10 avril 2026<\/span>, <a href=\"https:\/\/www.renaissance-vieux-boulogne.fr\/?p=4734\" target=\"_blank\" rel=\"noopener\"><span style=\"color: #008000;\">Eric VANNEUFVILLE, Les Vikings \u00e0 Quentovic et dans son arri\u00e8re-pays<\/span><\/a><\/p>\n<p align=\"CENTER\"><span style=\"color: #ff0000;\">29 mai 2026<\/span>, <a href=\"https:\/\/www.renaissance-vieux-boulogne.fr\/?p=4757\" target=\"_blank\" rel=\"noopener\"><span style=\"color: #008000;\">Rapha\u00ebl WILLAY, Le m\u00e9morial de Thiepval : aux arm\u00e9es fran\u00e7aise et britannique, l&rsquo;Empire britannique reconnaissant\u00a0<\/span><\/a><\/p>\n<h3 align=\"CENTER\"><span style=\"color: #ff0000;\">Programme des conf\u00e9rences 2024-2025<\/span><\/h3>\n<p style=\"text-align: left;\" align=\"CENTER\"><span style=\"color: #ff0000;\">Vendredi 11 octobre 2024<\/span>, <a href=\"https:\/\/www.renaissance-vieux-boulogne.fr\/?p=3995\" target=\"_blank\" rel=\"noopener\">Daniel TINTILLIER, <em>Le Kursaal<\/em><\/a>\u00a0<\/p>\n<p style=\"text-align: left;\" align=\"CENTER\"><span style=\"color: #ff0000;\">Vendredi 15 novembre 2024<\/span>, <a href=\"https:\/\/www.renaissance-vieux-boulogne.fr\/?p=4045\" target=\"_blank\" rel=\"noopener\">Georges DILLY, <em>La Collection Bellon<\/em><\/a><\/p>\n<p style=\"text-align: left;\" align=\"CENTER\"><span style=\"color: #ff0000;\">Vendredi 6 d\u00e9cembre 2024<\/span>, <a href=\"https:\/\/www.renaissance-vieux-boulogne.fr\/?p=4132\" target=\"_blank\" rel=\"noopener\">Bernard DONCKER, <em>Saint-Omer entre Flandres et Artois<\/em><\/a><\/p>\n<p style=\"text-align: left;\" align=\"CENTER\"><span style=\"color: #ff0000;\">Vendredi 10 janvier 2025<\/span>, <a href=\"https:\/\/www.renaissance-vieux-boulogne.fr\/?p=4143\" target=\"_blank\" rel=\"noopener\">Michel PARENTY, <em>La R\u00e9sidence DERVAUX, Reflet de l&rsquo;histoire boulonnaise<\/em><\/a><\/p>\n<p style=\"text-align: left;\" align=\"CENTER\"><span style=\"color: #ff0000;\">Vendredi 28 f\u00e9vrier 2025<\/span>, Alain JOBLIN, <em>Marguerite de Valois<\/em>\u00a0<\/p>\n<p style=\"text-align: left;\" align=\"CENTER\"><span style=\"color: #ff0000;\">Vendredi 21 mars 2025<\/span>, Collectif, <em>Et si &#8230; une rescap\u00e9e de l&rsquo;Amphitrite<\/em>, conf\u00e9rence-lecture de la nouvelle \u00e9crite par l&rsquo;atelier a2e<\/p>\n<p style=\"text-align: left;\" align=\"CENTER\"><span style=\"color: #ff0000;\">Vendredi 25 avril<\/span>, Silvio Javier CASTRO, <em>La Casa San Martin<\/em><\/p>\n<p style=\"text-align: left;\" align=\"CENTER\"><span style=\"color: #ff0000;\">Vendredi 16 mai<\/span>, Madame PETIT-KONCZYK, <em>Stella-Plage<\/em><\/p>\n<p align=\"CENTER\"><span style=\"font-family: Calibri, sans-serif; color: #ff0000;\"><span style=\"font-size: x-large;\"><b>Programme des conf\u00e9rences 2023-2024<\/b><\/span><\/span><\/p>\n<p align=\"LEFT\"><a href=\"https:\/\/www.renaissance-vieux-boulogne.fr\/\" target=\"_blank\" rel=\"noopener\"><span style=\"font-family: Calibri, sans-serif;\"><span style=\"font-size: small;\"><span style=\"font-size: large;\"><span style=\"color: #ff0000;\">Vendredi 24 novembre 2023<\/span>, Georges DILLY, <\/span><span style=\"font-size: large;\"><i>La Collection BELLON : grandeur et malheurs d&rsquo;un patrimoine r\u00e9gional oubli\u00e9\u00a0<\/i><\/span><\/span><\/span><\/a><span style=\"color: #ff0000;\">La conf\u00e9rence de M. Dilly est report\u00e9e \u00e0 une date ult\u00e9rieure pour des raisons techniques<\/span><\/p>\n<p align=\"LEFT\"><span style=\"font-family: Calibri, sans-serif;\"><span style=\"font-size: small;\"><span style=\"font-size: large;\"><span style=\"color: #ff0000;\">Vendredi 8 d\u00e9cembre 2023<\/span>, <a href=\"https:\/\/www.renaissance-vieux-boulogne.fr\/?p=3785\" target=\"_blank\" rel=\"noopener\">Marie-Dominique LOBRY, <\/a><\/span><a href=\"https:\/\/www.renaissance-vieux-boulogne.fr\/?p=3785\"><span style=\"font-size: large;\"><i>Bicentenaire de la mort du scientifique et m\u00e9decin Edward JENNER<\/i><\/span><\/a><\/span><\/span><\/p>\n<p align=\"LEFT\"><span style=\"font-family: Calibri, sans-serif;\"><span style=\"font-size: small;\"><span style=\"font-size: large;\"><span style=\"color: #ff0000;\">Vendredi 12 janvier 2024<\/span>, <a href=\"https:\/\/www.renaissance-vieux-boulogne.fr\/?p=3836\" target=\"_blank\" rel=\"noopener\">Emilie PERRICHON, <\/a><\/span><a href=\"https:\/\/www.renaissance-vieux-boulogne.fr\/?p=3836\" target=\"_blank\" rel=\"noopener\"><span style=\"font-size: large;\"><i>L&rsquo;enseignement du Fran\u00e7ais aux Anglais \u00e0 Boulogne-sur-Mer au 19\u00e8me si\u00e8cle<\/i><\/span><\/a><\/span><\/span><\/p>\n<p align=\"LEFT\"><span style=\"font-family: Calibri, sans-serif;\"><span style=\"font-size: small;\"><span style=\"font-size: large;\"><span style=\"color: #ff0000;\">Vendredi 9 f\u00e9vrier 2024<\/span>, <a href=\"https:\/\/www.renaissance-vieux-boulogne.fr\/?p=3853\" target=\"_blank\" rel=\"noopener\">Alain JOBLIN, <\/a><\/span><a href=\"https:\/\/www.renaissance-vieux-boulogne.fr\/?p=3853\" target=\"_blank\" rel=\"noopener\"><span style=\"font-size: large;\"><i>Un pasteur \u00e0 Boulogne-sur-mer en 1900\u00a0: Charles MEUNIER<\/i><\/span><\/a><\/span><\/span><\/p>\n<p align=\"LEFT\"><span style=\"font-family: Calibri, sans-serif;\"><span style=\"font-size: small;\"><span style=\"font-size: large;\"><span style=\"color: #ff0000;\">Vendredi 15 mars 2024<\/span>, <a href=\"https:\/\/www.renaissance-vieux-boulogne.fr\/?p=3865\" target=\"_blank\" rel=\"noopener\">Rapha\u00ebl WILLAY, <\/a><\/span><a href=\"https:\/\/www.renaissance-vieux-boulogne.fr\/?p=3865\" target=\"_blank\" rel=\"noopener\"><span style=\"font-size: large;\"><i>L&rsquo;Irlande dans le Miroir du Temps<\/i><\/span><\/a><\/span><\/span><\/p>\n<p align=\"LEFT\"><span style=\"font-family: Calibri, sans-serif;\"><span style=\"font-size: small;\"><span style=\"font-size: large;\"><span style=\"color: #ff0000;\">Vendredi 5 avril 2024<\/span><a href=\"https:\/\/www.renaissance-vieux-boulogne.fr\/?p=3894\" target=\"_blank\" rel=\"noopener\">, Michel GUTIERREZ, <\/a><\/span><a href=\"https:\/\/www.renaissance-vieux-boulogne.fr\/?p=3894\" target=\"_blank\" rel=\"noopener\"><span style=\"font-size: large;\"><i>La \u00ab galerie historique \u00bb de l&rsquo;H\u00f4tel de Ville de Boulogne-sur-mer et son portrait d&rsquo;Auguste MARIETTE<\/i><\/span><\/a><\/span><\/span><\/p>\n<p align=\"LEFT\"><span style=\"font-family: Calibri, sans-serif;\"><span style=\"font-size: small;\"><span style=\"font-size: large;\"><span style=\"color: #ff0000;\">Vendredi 17 mai 2024<\/span>, <a href=\"https:\/\/www.renaissance-vieux-boulogne.fr\/?p=3919\" target=\"_blank\" rel=\"noopener\">V\u00e9ronique TONNEL, <\/a><\/span><a href=\"#bottom\" target=\"_blank\" rel=\"noopener\"><span style=\"font-size: large;\"><i>Les fresques du d\u00f4me de la Basilique de Boulogne-sur-Mer, Renaissance d&rsquo;une \u0153uvre<\/i><\/span><span style=\"font-size: large;\"><i> m\u00e9connue<\/i><\/span><\/a><\/span><\/span><\/p>\n<p align=\"LEFT\"><span style=\"font-family: Calibri, sans-serif;\"><span style=\"font-size: large;\"><span style=\"color: #ff0000;\">Vendredi 7 juin 2024<\/span>, <a href=\"https:\/\/www.renaissance-vieux-boulogne.fr\/\" target=\"_blank\" rel=\"noopener\">Fran\u00e7oise et Albrecht VON S\u00d6HNEN, <\/a><\/span><a href=\"#bottom\" target=\"_blank\" rel=\"noopener\"><span style=\"font-size: medium;\"><i>L<\/i><\/span><span style=\"font-size: large;\"><i>&lsquo;<\/i><\/span><span style=\"font-size: medium;\"><i>I<\/i><\/span><span style=\"font-size: large;\"><i>mp\u00e9ratrice Eug\u00e9nie : la connaissons-<\/i><\/span><span style=\"font-size: medium;\"><i>nous <\/i><\/span><span style=\"font-size: large;\"><i>vraiment ?<\/i><\/span><\/a><\/span><\/p>\n<h4 style=\"text-align: center;\">______<\/h4>\n<h4 style=\"text-align: center;\">Programme des conf\u00e9rences 2022-2023<\/h4>\n\n\n<p class=\"has-text-align-center\" style=\"text-align: left;\"><a href=\"http:\/\/www.renaissance-vieux-boulogne.fr\/?p=3420\" target=\"_blank\" rel=\"noopener\">Vendredi 19 novembre 2022, <em>Les Boulonnaises au Moyen-Age<\/em> par Isabelle Clauzel<\/a><\/p>\n\n\n\n<p><a rel=\"noreferrer noopener\" href=\"https:\/\/www.renaissance-vieux-boulogne.fr\/?p=3456\" data-type=\"URL\" data-id=\"https:\/\/www.renaissance-vieux-boulogne.fr\/?p=3456\" target=\"_blank\">Vendredi 9 d\u00e9cembre 2022, <em>Wimereux naissance d&rsquo;une station baln\u00e9aire <\/em>par Sylvie Petitbois-Montador <\/a><\/p>\n\n\n\n<p><a rel=\"noreferrer noopener\" href=\"https:\/\/www.renaissance-vieux-boulogne.fr\/?p=3606\" data-type=\"URL\" data-id=\"https:\/\/www.renaissance-vieux-boulogne.fr\/?p=3606\" target=\"_blank\">Vendredi 20 janvier 2023, <em>Le film sur l&rsquo;h\u00f4pital Saint-Louis<\/em> par Daniel Tintillier <\/a><\/p>\n\n\n\n<p><a href=\"https:\/\/www.renaissance-vieux-boulogne.fr\/?p=3572\" target=\"_blank\" rel=\"noopener\">Vendredi 24 f\u00e9vrier 2023, &nbsp;<em>En traversant la Manche&nbsp; quand les compositeurs c\u00e9l\u00e8bres prenaient la mer<\/em> par Albrecht von S\u00f6hnen<\/a><\/p>\n\n\n\n<p><a href=\"https:\/\/www.renaissance-vieux-boulogne.fr\/?p=3582\" data-type=\"URL\" data-id=\"https:\/\/www.renaissance-vieux-boulogne.fr\/?p=3582\" target=\"_blank\" rel=\"noreferrer noopener\">Vendredi 17 mars 2023,  <em>George Sand \u00e0 Paris<\/em> par R\u00e9gine Gauchez<\/a><\/p>\n\n\n\n<p><a href=\"https:\/\/www.renaissance-vieux-boulogne.fr\/?p=3624\" data-type=\"URL\" data-id=\"https:\/\/www.renaissance-vieux-boulogne.fr\/?p=3624\" target=\"_blank\" rel=\"noreferrer noopener\">Vendredi 7 avril 2023,<em> Les Tombes de guerre du Commonwealth<\/em> par Rapha\u00ebl Willay<\/a><\/p>\n\n\n\n<p><a rel=\"noreferrer noopener\" href=\"https:\/\/www.renaissance-vieux-boulogne.fr\/?p=3652\" data-type=\"URL\" data-id=\"https:\/\/www.renaissance-vieux-boulogne.fr\/?p=3652\" target=\"_blank\">Vendredi 12 mai 2023, <em>Les Spectacles patoisants boulonnais (ou \u00ab\u00a0revues\u00a0\u00bb boulonnaises) des ann\u00e9es 1930 \u00e0 la fin des ann\u00e9es 1940  <\/em>par Anne-Marie Cojez <\/a><\/p>\n\n\n\n<p><a href=\"https:\/\/www.renaissance-vieux-boulogne.fr\/?p=3666\" data-type=\"URL\" data-id=\"https:\/\/www.renaissance-vieux-boulogne.fr\/?p=3666\" target=\"_blank\" rel=\"noreferrer noopener\">Vendredi 26 juin 2023, La Zarzuela par Dominique Ghesqui\u00e8re <\/a><\/p>\n\n\n\n<p style=\"text-align: center;\">___<\/p>\n\n\n<h6 style=\"text-align: center;\">PROGRAMME DES CONFERENCES 2020-2021<\/h6>\n<p><span style=\"color: #ff0000;\">En raison de la situation sanitaire, la conf\u00e9rence de Monsieur Jean-Pierre Tancr\u00e9 qui devait avoir lieu le vendredi 18 d\u00e9cembre est report\u00e9e \u00e0 une date ult\u00e9rieure. Nous vous tiendrons inform\u00e9s de la date \u00e0 laquelle nous pourrons la reprogrammer. Merci de votre compr\u00e9hension.<\/span><\/p>\n<p>Janvier 2021 (date \u00e0 confirmer) : Conf\u00e9rence de Monsieur Albrech VON SOEHNEN : \u00ab\u00a0Etonnants Voyageurs : Alexander Von Humbolt et Aim\u00e9 Bonpland\u00a0\u00bb<\/p>\n<h6 style=\"text-align: center;\"><strong>PROGRAMME DES CONFERENCES 2019-2020<\/strong><\/h6>\n<p><a href=\"http:\/\/www.renaissance-vieux-boulogne.fr\/?p=2785\" target=\"_blank\" rel=\"noopener noreferrer\">Vendredi 15 novembre\u00a02019 : Conf\u00e9rence de Monsieur J\u00e9r\u00f4me FOURMANOIR\u00a0: <em>\u00ab\u00a0<strong>La vie artistique \u00e0 Boulogne au XIX\u00e8me si\u00e8cle\u00a0<\/strong><\/em><strong>\u00bb.<\/strong><\/a><\/p>\n<p><a href=\"\/\/www.renaissance-vieux-boulogne.fr\/?p=2862\" target=\"_blank\" rel=\"noopener noreferrer\">Vendredi 13 d\u00e9cembre 2019 :\u00a0 Conf\u00e9rence de Monsieur Jean-Pierre DOURNEL\u00a0: <strong>\u00ab\u00a0<em>Le<\/em><\/strong><em> <strong>Grand Ferr\u00e9, un h\u00e9ros de la guerre de cent ans\u00a0<\/strong><\/em>\u00bb.<\/a><\/p>\n<p><a href=\"http:\/\/www.renaissance-vieux-boulogne.fr\/?p=2970\" target=\"_blank\" rel=\"noopener noreferrer\">Vendredi 17 janvier\u00a02020 : Conf\u00e9rence de Madame R\u00e9gine GAUCHEZ\u00a0: <strong><em>\u00ab\u00a0Elvira,<\/em><\/strong> <strong><em>h\u00e9ro\u00efne m\u00e9connue de Puccini<\/em><\/strong><em>\u00a0<\/em>\u00bb.<\/a><\/p>\n<p><a href=\"http:\/\/www.renaissance-vieux-boulogne.fr\/?p=2994\" target=\"_blank\" rel=\"noopener noreferrer\">Vendredi 7 f\u00e9vrier 2020\u00a0: Conf\u00e9rence de Monsieur Yann GOBERT-SERJENT\u00a0: \u00ab <strong><em>Jacques Oudard-Fourmentin : Nouvelles perspectives sur\u00a0le Baron Bucaille<\/em><\/strong>\u00a0\u00bb.<\/a><\/p>\n<p><a href=\"http:\/\/www.renaissance-vieux-boulogne.fr\/?p=3004\" target=\"_blank\" rel=\"noopener noreferrer\">Vendredi 13 mars 2020\u00a0: Conf\u00e9rence de Madame Anne-Marie COJEZ\u00a0: <strong><em>\u00abBoulogne dans la vie et l\u2019\u0153uvre d&rsquo;Henry James \u00bb.<\/em><\/strong><\/a><\/p>\n<p><strong><em>\u00a0<\/em><\/strong>Vendredi 3 avril 2020\u00a0: Conf\u00e9rence de Monsieur Daniel TINTILLIER\u00a0: \u00ab\u00a0<strong><em>1<sup>er<\/sup> ao\u00fbt 1952, Boulogne pleure ses marins\u00a0<\/em><\/strong>\u00bb. <strong><span style=\"color: #ff0000;\">ANNULEE EN RAISON DU COVID<\/span><\/strong><\/p>\n<p>Vendredi 15 mai 2020\u00a0: Conf\u00e9rence de Monsieur Albrecht VON SOEHNEN\u00a0: \u00ab\u00a0<strong><em>Etonnants voyageurs, Alexander Von Humbolt et Aim\u00e9 Bonpland \u00bb. <\/em><span style=\"color: #ff0000;\">ANNULEE EN RAISON DU COVID<\/span><\/strong><\/p>\n<p>Vendredi 5 juin 2020\u00a0: Conf\u00e9rence de Monsieur Dominique GHESQUIERE\u00a0: <strong><em>\u00ab\u00a0Les<\/em><\/strong> <strong><em>200 ans d\u2019Offenbach\u00a0<\/em><\/strong>\u00bb. <strong><span style=\"color: #ff0000;\">ANNULEE EN RAISON DU COVID<\/span><\/strong><\/p>\n<p style=\"text-align: center;\"><strong>PROGRAMME DES CONFERENCES 2018-2019<\/strong><\/p>\n<p><a href=\"http:\/\/www.renaissance-vieux-boulogne.fr\/wp-admin\/post.php?post=2054&amp;action=edit\"><strong>Vendredi 9 novembre 2018<\/strong>\u00a0:\u00a0<strong><em>Berthe Morisot, une femme parmi les<\/em><em>impressionnistes<\/em><\/strong>,\u00a0par Madame R\u00e9gine Gauchez.<\/a><\/p>\n<p><a href=\"http:\/\/www.renaissance-vieux-boulogne.fr\/wp-admin\/post.php?post=2147&amp;action=edit\"><strong>Vendredi 7 d\u00e9cembre 2018<\/strong> :\u00a0<em><strong>Les sobriquets<\/strong>,\u00a0<\/em>\u00a0par Monsieur Daniel Tintillier.<\/a><\/p>\n<p><a href=\"http:\/\/www.renaissance-vieux-boulogne.fr\/wp-admin\/post.php?post=2154&amp;action=edit\"><strong>Vendredi 25 janvier 2019 :\u00a0<em>La peinture orientaliste dans les salons du<\/em> <\/strong><em><strong>Nord de la France au 19<sup>e<\/sup> si\u00e8cle<\/strong>,\u00a0<\/em>par Monsieur J\u00e9r\u00f4me Fourmanoir.<\/a><\/p>\n<p><a href=\"http:\/\/www.renaissance-vieux-boulogne.fr\/wp-admin\/post.php?post=2298&amp;action=edit\"><strong>Vendredi 8 f\u00e9vrier 2019 : Des \u00ab\u00a0braves\u00a0\u00bb oubli\u00e9s : les zouaves pontificaux et les volontaires de l\u2019Ouest (1861 &#8211; 1871)<\/strong>, par Monsieur Jean-Pierre Tancr\u00e9.<\/a><\/p>\n<p><strong>Vendredi 15 mars 2019 :\u00a0<\/strong><em><strong>La p\u00eache \u00e0 la morue<\/strong>, p<\/em>ar Monsieur Yann Gobert-Serjent.<\/p>\n<p><a href=\"http:\/\/www.renaissance-vieux-boulogne.fr\/wp-admin\/post.php?post=2397&amp;action=edit\"><strong>Vendredi 5 avril 2019 :\u00a0<em>Parmentier<\/em><\/strong>, par Monsieur Albrecht von Soehnen.<\/a><\/p>\n<p><a href=\"http:\/\/www.renaissance-vieux-boulogne.fr\/wp-admin\/post.php?post=2491&amp;action=edit\"><strong>Vendredi 17 mai 2019 :\u00a0<em>Boulogne 1801, un projet de descente en<\/em> <\/strong><em><strong>Angleterre<\/strong>,\u00a0<\/em>par Monsieur Jean-Luc Bouly.<\/a><\/p>\n<p><a href=\"http:\/\/www.renaissance-vieux-boulogne.fr\/?p=2512\"><strong>Vendredi 14 juin 2019\u00a0:\u00a0<\/strong><strong><em>Le roman national,<\/em><\/strong>\u00a0par Monsieur Jean-Pierre Dournel.<\/a><\/p>\n<p><!--more--><\/p>\n<p style=\"text-align: center;\"><strong>PROGRAMME DES CONFERENCES 2017-2018<\/strong><\/p>\n<p><strong>Vendredi 24 novembre 2017<\/strong>\u00a0: <strong><em>La repr\u00e9sentation du paysage du Nord-Pas-de-Calais au XIXe si\u00e8cle<\/em><\/strong>, par Monsieur J\u00e9r\u00f4me Fourmanoir, Docteur en Histoire de l\u2019art.<\/p>\n<p><strong>Vendredi 15 d\u00e9cembre 2017<\/strong>\u00a0:\u00a0 <strong><em>Crimes et justice au Moyen-Age en Boulonnais<\/em><\/strong>, par Madame Isabelle Clauzel, Docteur en Histoire.<\/p>\n<p><strong>Vendredi 26 janvier 2018\u00a0<\/strong>:\u00a0<strong><em>Les frayeurs de l\u2019an mil<\/em><\/strong>, par Monsieur Jean-Pierre Dournel, professeur honoraire agr\u00e9g\u00e9 d\u2019histoire.<\/p>\n<p><strong>Vendredi 9 f\u00e9vrier 2018\u00a0<\/strong>:\u00a0<strong><em>Les \u00e9coles anglaises \u00e0 Boulogne au XIXe si\u00e8cle\u00a0: l\u2019enseignement du fran\u00e7ais aux Anglais, histoire des \u00e9tablissements d\u2019\u00e9ducation et leurs m\u00e9thodes p\u00e9dagogiques<\/em><\/strong> , par Madame Emilie Perrichon, enseignante-chercheur \u00e0 l\u2019ULCO.<\/p>\n<p><strong>Vendredi 16 mars 2018\u00a0<\/strong>:<strong> <b><i>Le duel au XIXe si\u00e8cle, une passion disparue<\/i><\/b>, <\/strong>par Monsieur Jean-Pierre Tancr\u00e9, professeur de Fran\u00e7ais<strong>. <a href=\"http:\/\/www.renaissance-vieux-boulogne.fr\/wp-content\/uploads\/2014\/11\/attention.gif\"><img loading=\"lazy\" decoding=\"async\" class=\"alignnone size-full wp-image-1842\" src=\"http:\/\/www.renaissance-vieux-boulogne.fr\/wp-content\/uploads\/2014\/11\/attention.gif\" alt=\"\" width=\"81\" height=\"40\" \/><\/a><em>Maison des Associations, rue de Wicardenne, Boulogne-sur-Mer.<\/em> <\/strong><\/p>\n<p><strong>Vendredi 6 avril 2018\u00a0<\/strong>: <b><i>Boulogne-sur-Mer, ao\u00fbt 1839\u00a0: rencontre entre Giacomo Meyerber et Richard Wagner<\/i><\/b>, par Monsieur Albrecht Von Soehnen.<\/p>\n<p><strong>Vendredi 8 juin 2018\u00a0<\/strong>: <strong><em>Pierre Claude Fran\u00e7ois Daunou, un Oratorien ralli\u00e9 \u00e0 la R\u00e9volution<\/em><\/strong>, par Madame Marie-Dominique Lobry, professeur d\u2019anglais, guide conf\u00e9renci\u00e8re.<\/p>\n<ul>\n<li>La conf\u00e9rence de Madame R\u00e9gine Gauchez sur Berthe Morisot, initialement programm\u00e9e au mois de mai est report\u00e9e \u00e0 l&rsquo;automne 2018 pour des raisons de disponibilit\u00e9 de la salle.<\/li>\n<\/ul>\n<p><!--more--><\/p>\n<p style=\"text-align: center;\"><strong>PROGRAMME DES CONFERENCES<\/strong>\u00a0<strong>2016-2017<\/strong><\/p>\n<p><strong>Vendredi 18 novembre 2016<\/strong>\u00a0:\u00a0<a href=\"http:\/\/www.renaissance-vieux-boulogne.fr\/?p=1240\" target=\"_blank\" rel=\"noopener noreferrer\"><strong><em>Le Front populaire\u00a0: enjeux nationaux et<\/em> <em>r\u00e9percussions boulonnaises<\/em><\/strong><\/a>\u00a0par Monsieur Jean-Pierre DOURNEL, agr\u00e9g\u00e9 d\u2019histoire, professeur honoraire en classes pr\u00e9paratoires.<\/p>\n<p><strong>Vendredi<\/strong> <strong>2 d\u00e9cembre 2016\u00a0<\/strong>: <strong><em>Histoire de la f\u00eate foraine \u00e0 Boulogne<\/em><\/strong> \u00a0par Monsieur Daniel TINTILLIER, ancien journaliste \u00e0 La Voix du Nord.<\/p>\n<p><strong>Vendredi<\/strong> <strong>20 janvier 2017<\/strong>\u00a0: \u00a0<em><strong>Petite histoire du spiritisme<\/strong>\u00a0<\/em>\u00a0par Monsieur Jean-Pierre TANCRE, Professeur de Lettres.<\/p>\n<p><strong>Vendredi 24 mars 2017<\/strong>\u00a0: <strong><em>L\u2019\u00e9glise Notre-Dame de<\/em> <em>Calais<\/em><\/strong>\u00a0par Madame Marie-Dominique LOBRY, guide conf\u00e9renci\u00e8re, professeur d\u2019anglais.<\/p>\n<p><strong>Vendredi<\/strong> <strong>28 avril 2017<\/strong> : <em><strong>Les corsaires au XVIIIe si\u00e8cle<\/strong>\u00a0<\/em>par Monsieur Yann GOBERT-SERGENT, Docteur en Histoire.<\/p>\n<p><strong>Vendredi 19 mai 2017<\/strong> : <strong><em>Le po\u00e8te<\/em> <em>Alfred de<\/em> <em>Musset, du badinage au drame int\u00e9rieur<\/em>\u00a0<\/strong>par Madame R\u00e9gine GAUCHEZ, conf\u00e9renci\u00e8re.<\/p>\n<p><strong>Vendredi 9 juin 2017<\/strong> : <em>J<strong>ean-Charles Cazin, et l\u2019heure Cazin, un peintre trop<\/strong><\/em><strong> <em>longtemps mis de c\u00f4t\u00e9<\/em><\/strong>\u00a0par Monsieur J\u00e9r\u00f4me FOURMANOIR, Doctorant en Histoire de l\u2019art.<\/p>\n<p><!--more--><\/p>\n<p style=\"text-align: center;\"><strong>PROGRAMME DES CONFERENCES\u00a0 2015-2016<\/strong><\/p>\n<p style=\"text-align: left;\"><strong>Vendredi<\/strong> <strong>13 novembre 2015 : <em><a href=\"http:\/\/www.renaissance-vieux-boulogne.fr\/?p=806\" target=\"_blank\" rel=\"noopener noreferrer\">Quand Fant\u00f4mas s\u2019invite \u00e0 Boulogne pour les f\u00eates de l\u2019a\u00e9ronautique<\/a><\/em><\/strong><em>, par<\/em><strong><em>\u00a0<\/em><\/strong>\u00a0<a href=\"http:\/\/www.renaissance-vieux-boulogne.fr\/?p=810\" target=\"_blank\" rel=\"noopener noreferrer\">Anne-Marie COJEZ<\/a>, Docteur en Litt\u00e9rature et Langue Fran\u00e7aise.<\/p>\n<p style=\"text-align: left;\"><strong>Vendredi 4 d\u00e9cembre 2015<\/strong> : <strong><a href=\"http:\/\/www.renaissance-vieux-boulogne.fr\/?p=913\" target=\"_blank\" rel=\"noopener noreferrer\"><em>De la B\u00fbche de No\u00ebl aux feux de la Saint-Jean, du rite au folklore<\/em><\/a><\/strong><a href=\"http:\/\/www.renaissance-vieux-boulogne.fr\/?p=913\" target=\"_blank\" rel=\"noopener noreferrer\"><em>,<\/em>\u00a0<\/a>par Monsieur\u00a0Jean-Pierre TANCRE, Professeur de Lettres.<\/p>\n<p style=\"text-align: left;\"><strong>Vendredi 8 janvier 2016<\/strong> : <strong><em><a href=\"http:\/\/www.renaissance-vieux-boulogne.fr\/?p=997\" target=\"_blank\" rel=\"noopener noreferrer\">La collection Charles Lebeau au Mus\u00e9e de Boulogne<\/a><\/em><\/strong>, par Monsieur J\u00e9r\u00f4me FOURMANOIR, Doctorant en histoire de l\u2019art.<\/p>\n<p style=\"text-align: left;\"><strong>Vendredi<\/strong> <strong>26 f\u00e9vrier 2016<\/strong> : <strong><em>Confr\u00e9ries et f\u00eates \u00e0 Boulogne au Moyen-Age et au XVIe<\/em><\/strong><em> si\u00e8cle<\/em>, par Madame\u00a0Isabelle CLAUZEL, Docteur en Histoire.<\/p>\n<p style=\"text-align: left;\"><strong>Vendredi 18 mars 2016<\/strong> :<a href=\"http:\/\/www.renaissance-vieux-boulogne.fr\/?p=1144\" target=\"_blank\" rel=\"noopener noreferrer\"> <strong><em>Mgr. Emile Lobbedey, \u00e9v\u00eaque du dioc\u00e8se d\u2019Arras et Saint-Omer, mort \u00e0 Boulogne-sur-Mer durant la Grande Guerre et inhum\u00e9 dans la Cath\u00e9drale<\/em><\/strong><\/a><b>,\u00a0<\/b>par Monsieur Bruno BETHOUART, Professeur honoraire d\u2019histoire contemporaine \u00e0 l\u2019ULCO.<\/p>\n<p style=\"text-align: left;\"><strong>Vendredi<\/strong> <strong>29 avril 2016\u00a0<\/strong>: <a href=\"http:\/\/www.renaissance-vieux-boulogne.fr\/?p=1152\" target=\"_blank\" rel=\"noopener noreferrer\"><strong><em>Heinrich Heine et Boulogne-sur-Mer : quand le c\u00e9l\u00e8bre po\u00e8te allemand, exil\u00e9 \u00e0 Paris d\u00e8s 1831, aimait venir prendre les eaux \u00e0 Boulogne-sur-Mer<\/em><\/strong><\/a>, par Monsieur Albrecht VON SOEHNEN.<\/p>\n<p style=\"text-align: left;\"><strong>Vendredi 20 mai 2016\u00a0<\/strong>: <a href=\"http:\/\/www.renaissance-vieux-boulogne.fr\/?p=1180\" target=\"_blank\" rel=\"noopener noreferrer\"><strong><em>Manoirs et gentilhommi\u00e8res de la campagne boulonnaise, suite<\/em><\/strong><\/a>,par Monsieur Michel PARENTY, Historien.<\/p>\n<p style=\"text-align: left;\"><strong>Vendredi<\/strong> <strong>10 juin 2016\u00a0<\/strong>: <strong><a href=\"http:\/\/www.renaissance-vieux-boulogne.fr\/?p=1174\" target=\"_blank\" rel=\"noopener noreferrer\">1791 et les ultimes chefs-d\u2019oeuvre de Mozart<\/a><\/strong>, par Monsieur\u00a0<a href=\"http:\/\/www.renaissance-vieux-boulogne.fr\/?p=351\" target=\"_blank\" rel=\"noopener noreferrer\">Dominique GHESQUIERE<\/a>, Sp\u00e9cialiste de l\u2019op\u00e9ra comique.<\/p>\n<p style=\"text-align: center;\"><strong>PROGRAMME DES CONFERENCES 2014-2015<\/strong><\/p>\n<p style=\"text-align: left;\"><strong>Vendredi 14 novembre 2014<\/strong> : <a title=\"Conf\u00e9rence sur la Confr\u00e9rie des Charitables\" href=\"http:\/\/www.renaissance-vieux-boulogne.fr\/?p=227\"><strong><em>La confr\u00e9rie des Charitables<\/em><\/strong><\/a>, par Monsieur Jo\u00ebl RIMETZ.<\/p>\n<p style=\"text-align: left;\"><strong>Vendredi<\/strong> <strong>5 d\u00e9cembre 2014<\/strong> :<a title=\"Conf\u00e9rence sur Don Giovanni de Mozart\" href=\"http:\/\/www.renaissance-vieux-boulogne.fr\/?p=236\" target=\"_blank\" rel=\"noopener noreferrer\"> <strong><em>Mozart et le mythe de Don Juan<\/em><\/strong><\/a><b>,\u00a0<\/b>par Monsieur\u00a0<a href=\"http:\/\/www.renaissance-vieux-boulogne.fr\/?p=351\" target=\"_blank\" rel=\"noopener noreferrer\">Dominique GHESQUIERE.<\/a><\/p>\n<p style=\"text-align: left;\"><strong>Vendredi<\/strong> <strong>16 janvier 2015<\/strong> : <a title=\"Conf\u00e9rence sur La Bataille d\u2019Azincourt\" href=\"http:\/\/www.renaissance-vieux-boulogne.fr\/?p=459\" target=\"_blank\" rel=\"noopener noreferrer\"><strong><em>1415, La Bataille d&rsquo;Azincourt<\/em><\/strong><\/a>, par Madame\u00a0<a href=\"http:\/\/www.renaissance-vieux-boulogne.fr\/wp-content\/uploads\/2015\/01\/clauzel_isabelle.pdf\">Isabelle CLAUZEL<\/a>.<\/p>\n<p style=\"text-align: left;\"><strong>Vendredi 6 f\u00e9vrier 2015<\/strong> : <em><strong><a title=\"Conf\u00e9rence sur l\u2019image de l\u2019aviateur fran\u00e7ais en 1914-1918, \u00e0 travers la propagande\" href=\"http:\/\/www.renaissance-vieux-boulogne.fr\/?p=516\" target=\"_blank\" rel=\"noopener noreferrer\">L&rsquo;image de l&rsquo;aviateur fran\u00e7ais, en 1914-18, \u00e0 travers la propagande<\/a><\/strong><\/em>,<strong><em>\u00a0<\/em><\/strong>par Monsieur Jean-Pierre DOURNEL.<\/p>\n<p style=\"text-align: left;\"><strong>Vendredi<\/strong> <strong>13 mars 2015<\/strong> : <strong><em><a title=\"Conf\u00e9rence sur le cheval dans la litt\u00e9rature\" href=\"http:\/\/www.renaissance-vieux-boulogne.fr\/?p=554\" target=\"_blank\" rel=\"noopener noreferrer\">Le cheval dans tous ses \u00e9tats, de la R\u00e9volution \u00e0 nos jours<\/a><\/em><\/strong>,\u00a0par Monsieur Jean-Pierre TANCRE.<\/p>\n<p style=\"text-align: left;\"><strong>Samedi 28 mars 2015<\/strong> : <strong><a title=\"Rencontres Malot\/Dickens\" href=\"http:\/\/www.renaissance-vieux-boulogne.fr\/?p=541\" target=\"_blank\" rel=\"noopener noreferrer\">Malot\/Dickens : Influences. <\/a><\/strong>En partenariat avec l&rsquo;association des Amis d&rsquo;Hector Malot et celle des Amis de Charles Dickens.<\/p>\n<p style=\"text-align: left;\"><strong>Vendredi 10 avril 2015<\/strong> <strong>(18h30)<\/strong> : <a title=\"Le cimeti\u00e8re militaire Meerut \u00e0 Saint-Martin-les-Boulogne\" href=\"http:\/\/www.renaissance-vieux-boulogne.fr\/?p=594\" target=\"_blank\" rel=\"noopener noreferrer\"><strong><em>Le cimeti\u00e8re militaire Meerut \u00e0 Saint-Martin<\/em><\/strong><\/a>,par Madame Marie-Dominique LOBRY.<\/p>\n<p style=\"text-align: left;\"><strong>Vendredi 22 mai 2015<\/strong> : <a title=\"Quelques manoirs du Boulonnais\" href=\"http:\/\/www.renaissance-vieux-boulogne.fr\/?p=626\" target=\"_blank\" rel=\"noopener noreferrer\"><strong><em>Histoire de quelques manoirs du Boulonnais<\/em><\/strong><\/a>, par Monsieur Michel PARENTY.<\/p>\n<p style=\"text-align: left;\"><strong>Vendredi 5 juin 2015<\/strong> : <a title=\"La C\u00f4te d\u2019Opale pendant la premi\u00e8re guerre mondiale\" href=\"http:\/\/www.renaissance-vieux-boulogne.fr\/?p=641\" target=\"_blank\" rel=\"noopener noreferrer\"><strong><em>La C\u00f4te d&rsquo;Opale pendant la premi\u00e8re guerre mondiale<\/em><\/strong><\/a>, par Monsieur Bruno BETHOUART.<\/p>\n<p style=\"text-align: center;\"><strong>PROGRAMME DES CONFERENCES 2013-2014<\/strong><\/p>\n<p style=\"text-align: left;\"><strong>Vendredi<\/strong> <strong>15 novembre 2013<\/strong>\u00a0: <em><strong>Boulogne et le smogglage<\/strong> (contrebande avec les anglais) <strong>au XVIII<sup>e<\/sup> si\u00e8cle<\/strong><\/em>, par Monsieur Yann Gobert-Sergent, Docteur en histoire.<strong><br \/><\/strong><\/p>\n<p style=\"text-align: left;\"><strong>Vendredi 13 d\u00e9cembre 2013<\/strong>\u00a0: <strong><em>Lesage, l\u2019inconnu de la rue du ch\u00e2teau<\/em><\/strong>, par Monsieur Dominique Ghesqui\u00e8re, Sp\u00e9cialiste de l\u2019op\u00e9ra comique. *<em><a title=\"Listes des Cahiers publi\u00e9s\" href=\"http:\/\/www.renaissance-vieux-boulogne.fr\/?page_id=114\" target=\"_blank\" rel=\"noopener noreferrer\">article disponible dans Les Cahiers du Patrimoine, n\u00b069-1er semestre 2014<\/a><\/em><\/p>\n<p style=\"text-align: left;\"><strong>Vendredi<\/strong> <strong>24 janvier 2014<\/strong>\u00a0: <strong><em>Boulogne, Calais et le chemin de fer au XIXe si\u00e8cle<\/em><\/strong>, par Monsieur Jean-Pierre Dournel, Agr\u00e9g\u00e9 d\u2019histoire, Professeur honoraire de chaire sup\u00e9rieure au Lyc\u00e9e Mariette. *<em><a title=\"Listes des Cahiers publi\u00e9s\" href=\"http:\/\/www.renaissance-vieux-boulogne.fr\/?page_id=114\" target=\"_blank\" rel=\"noopener noreferrer\">article disponible dans Les Cahiers du Patrimoine, n\u00b069-1er semestre 2014<\/a><\/em><\/p>\n<p style=\"text-align: left;\"><strong>Mercredi 12 f\u00e9vrier 2014<\/strong>\u00a0: <strong><em>Jean Bart<\/em><\/strong>, par Monsieur<strong>\u00a0<\/strong>Patrick Villiers, Professeur \u00e9m\u00e9rite d\u2019histoire moderne \u00e0 l\u2019ULCO.<\/p>\n<p style=\"text-align: left;\"><strong>Vendredi 21 mars 2014<\/strong>\u00a0: <strong><em>Boulogne dans les \u00e9crits de Charles Dickens<\/em><\/strong>, par Madame Anne-Marie Cojez, Docteur en lettres, Enseignante \u00e0 l\u2019ULCO. *<em><a title=\"Listes des Cahiers publi\u00e9s\" href=\"http:\/\/www.renaissance-vieux-boulogne.fr\/?page_id=114\" target=\"_blank\" rel=\"noopener noreferrer\">article disponible dans Les Cahiers du Patrimoine, n\u00b069-1er semestre 2014<\/a><\/em><\/p>\n<p style=\"text-align: left;\"><strong>Vendredi 11 avril 2014<\/strong>\u00a0: <strong><em>L\u2019\u00e9glise Sainte Ide d\u2019Ostrohove<\/em><\/strong>, par Madame Marie-Dominique Lobry, Guide-conf\u00e9renci\u00e8re. *<em>article disponible dans les Cahiers du Patrimoine, n\u00b070-2\u00e8me semestre 2014 (\u00e0 para\u00eetre),\u00a0<\/em>* <a title=\"Patrimoine boulonnais, Articles en ligne\" href=\"http:\/\/www.renaissance-vieux-boulogne.fr\/?page_id=427\" target=\"_blank\" rel=\"noopener noreferrer\">\u00e9dit\u00e9 sur ce site<\/a><\/p>\n<p style=\"text-align: left;\"><strong>Vendredi 23 mai 2014<\/strong>\u00a0: <strong><em>Le Patrimoine religieux et les jeunes g\u00e9n\u00e9rations<\/em><\/strong>, par Monsieur Bruno Bethouart, Professeur d\u2019histoire contemporaine \u00e0 l\u2019ULCO.<strong><br \/><\/strong><\/p>\n<p style=\"text-align: left;\"><strong>Vendredi<\/strong> <strong>6 juin 2014\u00a0<\/strong>: <strong><em>Le commerce \u00e0 Boulogne au Moyen Age<\/em><\/strong>, par Madame Isabelle Clauzel, Docteur en Histoire.<strong><br \/><\/strong><\/p>","protected":false},"excerpt":{"rendered":"<p>Elles ont lieu \u00e0 l&rsquo;espace culturel de l&rsquo;Universit\u00e9 du Littoral, 21 rue Saint-Louis,\u00a0 \u00e0 Boulogne-sur-mer Elles d\u00e9butent \u00e0 18h (dur\u00e9e : environ 1h30) Elles sont ouvertes \u00e0 tous et gratuites\u00a0 Programme des conf\u00e9rences 2025-2026 Vendredi 10 octobre 2025, Georges DILLY, La jeunesse du verre, le temps des inventions Vendredi 14 novembre 2025, Alain JOBLIN, Judith &hellip; <a href=\"https:\/\/www.renaissance-vieux-boulogne.fr\/?page_id=64\" class=\"more-link\">Continuer la lecture de <span class=\"screen-reader-text\">Les conf\u00e9rences<\/span>  <span class=\"meta-nav\">&rarr;<\/span><\/a><\/p>\n","protected":false},"author":1,"featured_media":0,"parent":0,"menu_order":0,"comment_status":"closed","ping_status":"open","template":"","meta":{"footnotes":""},"class_list":["post-64","page","type-page","status-publish","hentry"],"_links":{"self":[{"href":"https:\/\/www.renaissance-vieux-boulogne.fr\/index.php?rest_route=\/wp\/v2\/pages\/64","targetHints":{"allow":["GET"]}}],"collection":[{"href":"https:\/\/www.renaissance-vieux-boulogne.fr\/index.php?rest_route=\/wp\/v2\/pages"}],"about":[{"href":"https:\/\/www.renaissance-vieux-boulogne.fr\/index.php?rest_route=\/wp\/v2\/types\/page"}],"author":[{"embeddable":true,"href":"https:\/\/www.renaissance-vieux-boulogne.fr\/index.php?rest_route=\/wp\/v2\/users\/1"}],"replies":[{"embeddable":true,"href":"https:\/\/www.renaissance-vieux-boulogne.fr\/index.php?rest_route=%2Fwp%2Fv2%2Fcomments&post=64"}],"version-history":[{"count":255,"href":"https:\/\/www.renaissance-vieux-boulogne.fr\/index.php?rest_route=\/wp\/v2\/pages\/64\/revisions"}],"predecessor-version":[{"id":4759,"href":"https:\/\/www.renaissance-vieux-boulogne.fr\/index.php?rest_route=\/wp\/v2\/pages\/64\/revisions\/4759"}],"wp:attachment":[{"href":"https:\/\/www.renaissance-vieux-boulogne.fr\/index.php?rest_route=%2Fwp%2Fv2%2Fmedia&parent=64"}],"curies":[{"name":"wp","href":"https:\/\/api.w.org\/{rel}","templated":true}]}}